{"id":9284,"date":"2024-02-29T18:13:13","date_gmt":"2024-02-29T18:13:13","guid":{"rendered":"https:\/\/myblog-m9a0qnx7yo.live-website.com\/?page_id=9284"},"modified":"2024-10-30T17:31:12","modified_gmt":"2024-10-30T17:31:12","slug":"politica-de-privacidad","status":"publish","type":"page","link":"https:\/\/immob.casa\/es\/politica-de-privacidad\/","title":{"rendered":"Pol\u00edtica de privacidad"},"content":{"rendered":"\n<div style=\"height:100px\" aria-hidden=\"true\" class=\"wp-block-spacer\"><\/div>\n\n\n\n<h2 class=\"wp-block-heading\">Pol\u00edtica de privacidad<\/h2>\n\n\n\n<p><strong>Actualizada a 1 de agosto de 2019<\/strong><\/p>\n\n\n\n<p>En cumplimiento de la Ley 34\/2002, de 11 de julio, de Servicios de la Sociedad de la Informaci\u00f3n y del Comercio Electr\u00f3nico (LSSICE), se informa a los usuarios de que la titularidad de este dominio es del:<br>\u2022 Titular: FINQUES VILATORRADA, SLU<br>\u2022 Direcci\u00f3n: C\/ Major, 47 bxs, 08250 Sant Joan de Vilatorrada (Barcelona)<br>\u2022 Correo electr\u00f3nico: info@immob.casa<br>\u2022 Contacto: Tel\u00e9fono 938 764 911<br>\u2022 CIF: B64019326<br>\u2022 Registrada en el Registro Mercantil de Barcelona, Volumen 38061, Folio 0093, Hoja 317002, Inscripci\u00f3n 1a.<\/p>\n\n\n\n<p>El tratamiento de los datos personales, as\u00ed como cualquier otra informaci\u00f3n solicitada por el usuario o para la gesti\u00f3n y tramitaci\u00f3n de consultas, el blog o las que se traten dentro del Sitio Web, ser\u00e1 llevado a cabo con sujeci\u00f3n a lo previsto con la legislaci\u00f3n vigente en cada momento de Protecci\u00f3n de Datos (Reglamento UE 2016\/679 de protecci\u00f3n de datos) y normativa de desarrollo, as\u00ed como en la Ley 34\/2002, de 11 de Julio de servicios a la sociedad de la informaci\u00f3n y comercio electr\u00f3nico.<\/p>\n\n\n\n<p>De acuerdo con la legislaci\u00f3n vigente en materia de Protecci\u00f3n de Datos de Car\u00e1cter Personal, se entiende por datos personales &#8220;cualquier informaci\u00f3n concerniente a personas f\u00edsicas identificadas o identificables&#8221;.<\/p>\n\n\n\n<p><strong>IMMOB<\/strong> cumple con las exigencias establecidas en la legislaci\u00f3n vigente sobre Protecci\u00f3n de Datos de Car\u00e1cter Personal y normativa de desarrollo.<\/p>\n\n\n\n<p>El objeto de la presente Pol\u00edtica de Privacidad es informar acerca de la pol\u00edtica de protecci\u00f3n de datos de car\u00e1cter personal de la web oficial as\u00ed como del resto de accesos en redes e internet (en adelante, &#8220;Sitio Web&#8221;) para que usted determine libre y voluntariamente si desea facilitar a\u00a0<strong>IMMOB<\/strong> los datos personales que le podamos requerir o podamos obtener de usted con ocasi\u00f3n de su acceso y su uso del Sitio Web, as\u00ed como de sus Contenidos.<\/p>\n\n\n\n<p>La presente pol\u00edtica de privacidad ser\u00e1 extensible como indicamos de forma no limitativa a las siguientes: www.immob.casa<\/p>\n\n\n\n<h5 class=\"wp-block-heading\">1. Informaci\u00f3n y finalidad<\/h5>\n\n\n\n<p>\u2022 Los \u00fanicos datos personales a los que\u00a0<strong>IMMOB<\/strong> tendr\u00e1 acceso ser\u00e1n aquellos que el Usuario facilite voluntariamente.<\/p>\n\n\n\n<p>\u2022 En este sentido es preciso que el Usuario conozca que, para acceder a algunos servicios ofrecidos a trav\u00e9s de la Web y redes sociales se le solicitar\u00e1n datos de car\u00e1cter personal y la cumplimentaci\u00f3n de formularios cuyos campos son obligatorios de tal modo que la omisi\u00f3n de alguno de ellos podr\u00e1 comportar la imposibilidad de que podamos atender su solicitud o no poder acceder ni utilizar los referidos servicios y contenidos, salvo que en el propio formulario haya datos de cumplimentaci\u00f3n voluntaria.<\/p>\n\n\n\n<p>\u2022 En cumplimiento con lo establecido con la legislaci\u00f3n vigente en materia de protecci\u00f3n de datos, informamos que, mediante la aceptaci\u00f3n de la presente Pol\u00edtica de Privacidad el Usuario acepta que sus datos personales queden incorporados y tratados en uno o varios ficheros, cuya titularidad y responsabilidad corresponde a\u00a0<strong>IMMOB<\/strong> con el fin de:<\/p>\n\n\n\n<ul class=\"wp-block-list\">\n<li>o Prestarle los servicios e informaci\u00f3n solicitados.<\/li>\n\n\n\n<li>o Poder realizar encuestas y tramitar las reclamaciones y quejas seg\u00fan la normativa de calidad existente.<\/li>\n\n\n\n<li>o Informar sobre la empresa, las novedades del sector y comunicarle cualquier informaci\u00f3n que pueda ser de su inter\u00e9s respecto a los productos y precios a trav\u00e9s de cualquier medio t\u00e9cnico al alcance (internet, tel\u00e9fono, fax, redes sociales, email, m\u00f3vil, WhatsApp y cualesquiera otros).<\/li>\n\n\n\n<li>o Realizar un control y seguimiento de los productos y servicios contratados.<\/li>\n\n\n\n<li>o Realizar la gesti\u00f3n de selecci\u00f3n de personal en el caso de haber enviado un curr\u00edculum.<\/li>\n\n\n\n<li>o Establecer las comunicaciones propias dentro de las solicitudes en redes sociales.<\/li>\n\n\n\n<li>o El tratamiento de los datos se efectuar\u00e1 en funci\u00f3n de las exigencias contractuales y en el cumplimiento de las consiguientes obligaciones legales y contractuales que derivan de ello, as\u00ed como para conseguir una eficaz gesti\u00f3n de las relaciones comerciales. Los datos se tratan de forma escrita y\/o sobre soporte magn\u00e9tico, electr\u00f3nico o telem\u00e1tico.<\/li>\n<\/ul>\n\n\n\n<p>\u2022 As\u00ed mismo, en cumplimiento de lo establecido con la legislaci\u00f3n de protecci\u00f3n de datos y de la Ley 34\/2002, de 11 de julio, de Servicios de la Sociedad de la Informaci\u00f3n y de Comercio Electr\u00f3nico (en adelante, LSSI-CE), le informamos que sus datos podr\u00e1n ser utilizados con la finalidad de enviarle comunicaciones comerciales y de cortes\u00eda relacionadas con nuestra entidad a trav\u00e9s del tel\u00e9fono, correo postal ordinario, fax, correo electr\u00f3nico o medios de comunicaci\u00f3n electr\u00f3nica equivalentes.<\/p>\n\n\n\n<p>\u2022 De igual manera, le informamos que sus datos ser\u00e1n cedidos en todos aquellos casos en que sea necesario para el desarrollo, cumplimiento y control de la relaci\u00f3n existente con Usted respecto del servicio contratado con\u00a0<strong>IMMOB<\/strong> o en los supuestos en que lo autorice una norma con rango de ley y, en particular, cuando concurra uno de los supuestos siguientes: a) El tratamiento o la cesi\u00f3n tengan por objeto la satisfacci\u00f3n de un inter\u00e9s leg\u00edtimo del responsable del tratamiento o del cesionario amparado por dicha norma; b) El tratamiento o la cesi\u00f3n de los datos sean necesarios para que el responsable del tratamiento cumpla un deber que le imponga dicha norma.<\/p>\n\n\n\n<h5 class=\"wp-block-heading\">2. Conexi\u00f3n a trav\u00e9s de las redes sociales<\/h5>\n\n\n\n<p>Es posible que algunos de nuestros servicios incluyan funciones para redes sociales, como el bot\u00f3n &#8220;Me gusta&#8221; de Facebook y algunos complementos, los botones &#8220;Compartir&#8221;. Adem\u00e1s, usted puede elegir utilizar el inicio de sesi\u00f3n en sus propias redes sociales, como Facebook y LinkedIn, para iniciar sesi\u00f3n en algunos de nuestros servicios. Si decide conectarse mediante una red social o un servicio similar, es posible que recibamos y almacenemos la informaci\u00f3n de autenticaci\u00f3n de ese servicio para permitirle iniciar sesi\u00f3n, as\u00ed como cualquier otra informaci\u00f3n que usted elija compartir cuando se conecte a estos servicios. Estos servicios pueden recopilar informaci\u00f3n como las p\u00e1ginas web que visit\u00f3 y la direcci\u00f3n IP y puede establecer cookies para permitir el correcto funcionamiento de las funciones. No somos responsables de la seguridad ni de la privacidad de la informaci\u00f3n recopilada por estos terceros. Es su deber revisar las declaraciones o pol\u00edticas de privacidad pertinentes a los servicios de terceros que utiliza o a los que accede o se conecta. Si no desea que su informaci\u00f3n personal se comparta con su proveedor de cuenta de redes sociales ni con otros usuarios del servicio de redes sociales, no conecte su cuenta de redes sociales con su cuenta para los servicios y no participe en la funci\u00f3n de interacci\u00f3n social de los servicios.<\/p>\n\n\n\n<h5 class=\"wp-block-heading\">3. Consentimiento<\/h5>\n\n\n\n<p>Por lo tanto, al aceptar la presente Pol\u00edtica de Privacidad, el Usuario acepta su contenido y otorga su consentimiento expreso al tratamiento de los datos personales facilitados con las finalidades anteriormente indicadas.<\/p>\n\n\n\n<p>El consentimiento para el tratamiento de sus datos con las finalidades descritas en el apartado anterior se entender\u00e1 prestado a trav\u00e9s de la marcaci\u00f3n de las casillas correspondientes dispuestas al efecto en nuestra p\u00e1gina web.<\/p>\n\n\n\n<p>Asimismo, cuando el Usuario facilita sus datos de car\u00e1cter personal utilizando el e-mail de contactos que pudieran aparecer en el Sitio Web, est\u00e1 autorizando expresamente a\u00a0<strong>IMMOB<\/strong> al tratamiento de sus Datos Personales para poder atender sus peticiones de servicios.<\/p>\n\n\n\n<p>La aceptaci\u00f3n por parte del Usuario del tratamiento de sus datos por parte de\u00a0<strong><strong>IMMOB<\/strong><\/strong>, as\u00ed como de recibir comunicaciones comerciales por v\u00eda electr\u00f3nica en la forma establecida, tendr\u00e1 siempre el car\u00e1cter de revocable sin efectos retroactivos, conforme a lo dispuesto en la legislaci\u00f3n vigente.<\/p>\n\n\n\n<h5 class=\"wp-block-heading\">4. Calidad de los Datos<\/h5>\n\n\n\n<p>El Usuario web y el destinatario de los servicios proporcionados ser\u00e1 el \u00fanico responsable de la veracidad y exactitud de los datos aportados, actuando\u00a0<strong><strong>IMMOB<\/strong><\/strong>\u00a0de buena fe como mero prestador del servicio.<\/p>\n\n\n\n<p>Por lo tanto, es importante que los datos facilitados sean ciertos, veraces y l\u00edcitos, reserv\u00e1ndose\u00a0<strong>IMMOB<\/strong> el derecho de excluir de los servicios a aquellos usuarios que hayan facilitado datos falsos, sin perjuicio de que se puedan iniciar acciones legales, comprometi\u00e9ndose usted a informar de los cambios que sus datos personales puedan sufrir, con el fin de que\u00a0<strong>IMMOB<\/strong> tenga actualizados en todo momento los mismos.<\/p>\n\n\n\n<h5 class=\"wp-block-heading\">5. Conservaci\u00f3n de los datos<\/h5>\n\n\n\n<p><strong>IMMOB<\/strong> conservar los datos personales proporcionados el tiempo que sea necesario mientras dure la relaci\u00f3n negocial o el servicio que se preste y a efectos comerciales mientras no muestre su oposici\u00f3n, supresi\u00f3n o limitaci\u00f3n en su caso.<\/p>\n\n\n\n<p>En cualquier caso, para determinar los per\u00edodos de conservaci\u00f3n de datos, la empresa contempla las leyes locales, las obligaciones contractuales y las expectativas y requisitos de nuestros clientes. En el momento en el que Usted ejerza su derecho de supresi\u00f3n, oposici\u00f3n, limitaci\u00f3n correspondiente o cuando consideremos que ya no es necesario el tratamiento de sus datos, procederemos en el caso que sea posible a su eliminaci\u00f3n o destrucci\u00f3n de forma segura a no ser que sea necesario su conservaci\u00f3n por establecerlo alguna disposici\u00f3n legal en cuyo caso le informaremos y mantendremos bloqueados los mismos.<\/p>\n\n\n\n<h5 class=\"wp-block-heading\">6. Seguridad y protecci\u00f3n<\/h5>\n\n\n\n<p>En cuanto a la seguridad y la protecci\u00f3n, le informamos de que sus datos ser\u00e1n tratados con los medios t\u00e9cnicos, el nivel de seguridad y el grado de protecci\u00f3n que legalmente se exija para evitar la p\u00e9rdida, el mal uso, la alteraci\u00f3n, el acceso no autorizado y el robo de los datos que el Usuario facilite a trav\u00e9s del Sitio Web, y que se tratar\u00e1n con la debida confidencialidad y deber de secreto.<\/p>\n\n\n\n<h5 class=\"wp-block-heading\">7. Ejercicio de derechos y consultas<\/h5>\n\n\n\n<p>Por \u00faltimo se le informa que podr\u00e1 ejercitar los derechos de acceso, rectificaci\u00f3n, cancelaci\u00f3n\/supresi\u00f3n, oposici\u00f3n, limitaci\u00f3n y portabilidad, en los t\u00e9rminos indicados en la normativa de protecci\u00f3n de datos, contactando con\u00a0<strong>IMMOB<\/strong> bien a C\/ Major, 47 bxs, 08250 Sant Joan de Vilatorrada (Barcelona) info@immob.casaTel\u00e9fono 938 764 911 y que en el caso de que hubiera sufrido alg\u00fan tipo de injerencia en el ejercicio de sus derechos, usted tiene la opci\u00f3n de presentar reclamaci\u00f3n ante la autoridad competente, la Agencia de Protecci\u00f3n de Datos.<\/p>\n\n\n\n<div style=\"height:100px\" aria-hidden=\"true\" class=\"wp-block-spacer\"><\/div>\n","protected":false},"excerpt":{"rendered":"<p>Pol\u00edtica de privacidad Actualizada a 1 de agosto de 2019 En cumplimiento de la Ley 34\/2002, de 11 de julio, de Servicios de la Sociedad de la Informaci\u00f3n y del Comercio Electr\u00f3nico (LSSICE), se informa a los usuarios de que la titularidad de este dominio es del:\u2022 Titular: FINQUES VILATORRADA, SLU\u2022 Direcci\u00f3n: C\/ Major, 47 [&hellip;]<\/p>\n","protected":false},"author":2,"featured_media":0,"parent":0,"menu_order":0,"comment_status":"closed","ping_status":"closed","template":"","meta":{"om_disable_all_campaigns":false,"_joinchat":[],"footnotes":""},"class_list":["post-9284","page","type-page","status-publish","hentry"],"yoast_head":"<!-- This site is optimized with the Yoast SEO plugin v25.6 - https:\/\/yoast.com\/wordpress\/plugins\/seo\/ -->\n<title>Pol\u00edtica de privacidad - IMMOB Assessors Immobiliaris<\/title>\n<meta name=\"robots\" content=\"index, follow, max-snippet:-1, max-image-preview:large, max-video-preview:-1\" \/>\n<link rel=\"canonical\" href=\"https:\/\/immob.casa\/es\/politica-de-privacidad\/\" \/>\n<meta property=\"og:locale\" content=\"es_ES\" \/>\n<meta property=\"og:type\" content=\"article\" \/>\n<meta property=\"og:title\" content=\"Pol\u00edtica de privacidad - IMMOB Assessors Immobiliaris\" \/>\n<meta property=\"og:description\" content=\"Pol\u00edtica de privacidad Actualizada a 1 de agosto de 2019 En cumplimiento de la Ley 34\/2002, de 11 de julio, de Servicios de la Sociedad de la Informaci\u00f3n y del Comercio Electr\u00f3nico (LSSICE), se informa a los usuarios de que la titularidad de este dominio es del:\u2022 Titular: FINQUES VILATORRADA, SLU\u2022 Direcci\u00f3n: C\/ Major, 47 [&hellip;]\" \/>\n<meta property=\"og:url\" content=\"https:\/\/immob.casa\/es\/politica-de-privacidad\/\" \/>\n<meta property=\"og:site_name\" content=\"IMMOB Assessors Immobiliaris\" \/>\n<meta property=\"article:modified_time\" content=\"2024-10-30T17:31:12+00:00\" \/>\n<meta name=\"twitter:card\" content=\"summary_large_image\" \/>\n<meta name=\"twitter:label1\" content=\"Tiempo de lectura\" \/>\n\t<meta name=\"twitter:data1\" content=\"8 minutos\" \/>\n<script type=\"application\/ld+json\" class=\"yoast-schema-graph\">{\"@context\":\"https:\/\/schema.org\",\"@graph\":[{\"@type\":\"WebPage\",\"@id\":\"https:\/\/immob.casa\/es\/politica-de-privacidad\/\",\"url\":\"https:\/\/immob.casa\/es\/politica-de-privacidad\/\",\"name\":\"Pol\u00edtica de privacidad - IMMOB Assessors Immobiliaris\",\"isPartOf\":{\"@id\":\"https:\/\/immob.casa\/es\/#website\"},\"datePublished\":\"2024-02-29T18:13:13+00:00\",\"dateModified\":\"2024-10-30T17:31:12+00:00\",\"breadcrumb\":{\"@id\":\"https:\/\/immob.casa\/es\/politica-de-privacidad\/#breadcrumb\"},\"inLanguage\":\"es\",\"potentialAction\":[{\"@type\":\"ReadAction\",\"target\":[\"https:\/\/immob.casa\/es\/politica-de-privacidad\/\"]}]},{\"@type\":\"BreadcrumbList\",\"@id\":\"https:\/\/immob.casa\/es\/politica-de-privacidad\/#breadcrumb\",\"itemListElement\":[{\"@type\":\"ListItem\",\"position\":1,\"name\":\"Home\",\"item\":\"https:\/\/immob.casa\/es\/\"},{\"@type\":\"ListItem\",\"position\":2,\"name\":\"Pol\u00edtica de privacidad\"}]},{\"@type\":\"WebSite\",\"@id\":\"https:\/\/immob.casa\/es\/#website\",\"url\":\"https:\/\/immob.casa\/es\/\",\"name\":\"Consejeros del hogar\",\"description\":\"IMMOB Assessors Immobiliaris\",\"potentialAction\":[{\"@type\":\"SearchAction\",\"target\":{\"@type\":\"EntryPoint\",\"urlTemplate\":\"https:\/\/immob.casa\/es\/?s={search_term_string}\"},\"query-input\":{\"@type\":\"PropertyValueSpecification\",\"valueRequired\":true,\"valueName\":\"search_term_string\"}}],\"inLanguage\":\"es\"}]}<\/script>\n<!-- \/ Yoast SEO plugin. -->","yoast_head_json":{"title":"Pol\u00edtica de privacidad - IMMOB Assessors Immobiliaris","robots":{"index":"index","follow":"follow","max-snippet":"max-snippet:-1","max-image-preview":"max-image-preview:large","max-video-preview":"max-video-preview:-1"},"canonical":"https:\/\/immob.casa\/es\/politica-de-privacidad\/","og_locale":"es_ES","og_type":"article","og_title":"Pol\u00edtica de privacidad - IMMOB Assessors Immobiliaris","og_description":"Pol\u00edtica de privacidad Actualizada a 1 de agosto de 2019 En cumplimiento de la Ley 34\/2002, de 11 de julio, de Servicios de la Sociedad de la Informaci\u00f3n y del Comercio Electr\u00f3nico (LSSICE), se informa a los usuarios de que la titularidad de este dominio es del:\u2022 Titular: FINQUES VILATORRADA, SLU\u2022 Direcci\u00f3n: C\/ Major, 47 [&hellip;]","og_url":"https:\/\/immob.casa\/es\/politica-de-privacidad\/","og_site_name":"IMMOB Assessors Immobiliaris","article_modified_time":"2024-10-30T17:31:12+00:00","twitter_card":"summary_large_image","twitter_misc":{"Tiempo de lectura":"8 minutos"},"schema":{"@context":"https:\/\/schema.org","@graph":[{"@type":"WebPage","@id":"https:\/\/immob.casa\/es\/politica-de-privacidad\/","url":"https:\/\/immob.casa\/es\/politica-de-privacidad\/","name":"Pol\u00edtica de privacidad - IMMOB Assessors Immobiliaris","isPartOf":{"@id":"https:\/\/immob.casa\/es\/#website"},"datePublished":"2024-02-29T18:13:13+00:00","dateModified":"2024-10-30T17:31:12+00:00","breadcrumb":{"@id":"https:\/\/immob.casa\/es\/politica-de-privacidad\/#breadcrumb"},"inLanguage":"es","potentialAction":[{"@type":"ReadAction","target":["https:\/\/immob.casa\/es\/politica-de-privacidad\/"]}]},{"@type":"BreadcrumbList","@id":"https:\/\/immob.casa\/es\/politica-de-privacidad\/#breadcrumb","itemListElement":[{"@type":"ListItem","position":1,"name":"Home","item":"https:\/\/immob.casa\/es\/"},{"@type":"ListItem","position":2,"name":"Pol\u00edtica de privacidad"}]},{"@type":"WebSite","@id":"https:\/\/immob.casa\/es\/#website","url":"https:\/\/immob.casa\/es\/","name":"Consejeros del hogar","description":"IMMOB Assessors Immobiliaris","potentialAction":[{"@type":"SearchAction","target":{"@type":"EntryPoint","urlTemplate":"https:\/\/immob.casa\/es\/?s={search_term_string}"},"query-input":{"@type":"PropertyValueSpecification","valueRequired":true,"valueName":"search_term_string"}}],"inLanguage":"es"}]}},"_links":{"self":[{"href":"https:\/\/immob.casa\/es\/wp-json\/wp\/v2\/pages\/9284"}],"collection":[{"href":"https:\/\/immob.casa\/es\/wp-json\/wp\/v2\/pages"}],"about":[{"href":"https:\/\/immob.casa\/es\/wp-json\/wp\/v2\/types\/page"}],"author":[{"embeddable":true,"href":"https:\/\/immob.casa\/es\/wp-json\/wp\/v2\/users\/2"}],"replies":[{"embeddable":true,"href":"https:\/\/immob.casa\/es\/wp-json\/wp\/v2\/comments?post=9284"}],"version-history":[{"count":3,"href":"https:\/\/immob.casa\/es\/wp-json\/wp\/v2\/pages\/9284\/revisions"}],"predecessor-version":[{"id":10884,"href":"https:\/\/immob.casa\/es\/wp-json\/wp\/v2\/pages\/9284\/revisions\/10884"}],"wp:attachment":[{"href":"https:\/\/immob.casa\/es\/wp-json\/wp\/v2\/media?parent=9284"}],"curies":[{"name":"wp","href":"https:\/\/api.w.org\/{rel}","templated":true}]}}